{"id":116,"date":"2022-01-27T16:26:11","date_gmt":"2022-01-27T15:26:11","guid":{"rendered":"http:\/\/anthony-coiffure.fr\/?page_id=116"},"modified":"2025-10-07T14:08:34","modified_gmt":"2025-10-07T12:08:34","slug":"mentions-legales","status":"publish","type":"page","link":"https:\/\/anthony-coiffure.fr\/index.php\/mentions-legales\/","title":{"rendered":"Mentions L\u00e9gales"},"content":{"rendered":"\t\t<div data-elementor-type=\"wp-page\" data-elementor-id=\"116\" class=\"elementor elementor-116\">\n\t\t\t\t\t\t<div class=\"elementor-inner\">\n\t\t\t\t<div class=\"elementor-section-wrap\">\n\t\t\t\t\t\t\t\t\t<section class=\"elementor-section elementor-top-section elementor-element elementor-element-5a6aa17 elementor-section-boxed elementor-section-height-default elementor-section-height-default\" data-id=\"5a6aa17\" data-element_type=\"section\">\n\t\t\t\t\t\t<div class=\"elementor-container elementor-column-gap-default\">\n\t\t\t\t\t\t\t<div class=\"elementor-row\">\n\t\t\t\t\t<div class=\"elementor-column elementor-col-100 elementor-top-column elementor-element elementor-element-4613e426\" data-id=\"4613e426\" data-element_type=\"column\">\n\t\t\t<div class=\"elementor-column-wrap elementor-element-populated\">\n\t\t\t\t\t\t\t<div class=\"elementor-widget-wrap\">\n\t\t\t\t\t\t<div class=\"elementor-element elementor-element-36159cdd elementor-widget elementor-widget-text-editor\" data-id=\"36159cdd\" data-element_type=\"widget\" data-widget_type=\"text-editor.default\">\n\t\t\t\t<div class=\"elementor-widget-container\">\n\t\t\t\t\t\t\t\t<div class=\"elementor-text-editor elementor-clearfix\">\n\t\t\t\t<p><!-- wp:heading --><\/p>\n<h2>1 &#8211; \u00c9dition du site<\/h2>\n<p><!-- \/wp:heading --><\/p>\n<p><!-- wp:paragraph --><\/p>\n<p>En vertu de&nbsp;<a href=\"https:\/\/www.legifrance.gouv.fr\/affichTexte.do?cidTexte=JORFTEXT000000801164#LEGIARTI000042038977\" target=\"_blank\" rel=\"noreferrer noopener\">l&rsquo;article 6 de la loi n\u00b0 2004-575 du 21 juin 2004<\/a>&nbsp;pour la confiance dans l&rsquo;\u00e9conomie num\u00e9rique, il est pr\u00e9cis\u00e9 aux utilisateurs du site internet&nbsp;<strong>http:\/\/www.anthony-coiffure.fr<\/strong>&nbsp;l&rsquo;identit\u00e9 des diff\u00e9rents intervenants dans le cadre de sa r\u00e9alisation et de son suivi:<\/p>\n<p><!-- \/wp:paragraph --><\/p>\n<p><!-- wp:paragraph --><\/p>\n<p><strong>Propri\u00e9taire du site :&nbsp;<\/strong>SARL DUPONT COIFFURE&nbsp;&#8211; Contact :&nbsp;contact@anthony-coiffure.fr&nbsp;0241868613&nbsp;&#8211; Adresse :&nbsp;3 place de l&rsquo;Acad\u00e9mie 49100 ANGERS.<\/p>\n<p><!-- \/wp:paragraph --><\/p>\n<p><!-- wp:paragraph --><\/p>\n<p><strong>Identification de l&rsquo;entreprise :<\/strong>&nbsp;DUPONT COFFURE&nbsp;SARL DUPONT COIFFURE&nbsp;au capital social de&nbsp;DUPONT COFFURE\u20ac &#8211; SIREN :&nbsp;810253468&nbsp;&#8211; RCS ou RM :&nbsp;Angers&nbsp;&#8211; Adresse postale :&nbsp;3 place de l&rsquo;Acad\u00e9mie 49100 ANGERS&nbsp;&#8211;&nbsp;[Consignes : ajoutez ici le lien hypertexte vers la page de vos conditions g\u00e9n\u00e9rales de vente si vous en avez une]<\/p>\n<p><!-- \/wp:paragraph --><\/p>\n<p><!-- wp:paragraph --><\/p>\n<p><strong>Directeur de la publication :&nbsp;<\/strong>SARL DUPONT COIFFURE&nbsp;&#8211; Contact :&nbsp;contact@anthony-coiffure.fr.<\/p>\n<p><!-- \/wp:paragraph --><\/p>\n<p><!-- wp:paragraph --><\/p>\n<p><strong>H\u00e9bergeur :<\/strong>&nbsp;OVH SAS &#8211; 2 rue Kellermann &#8211; BP 80157 &#8211; 59053 Roubaix Cedex 1 &#8211; T\u00e9l\u00e9phone : 1007<\/p>\n<p><!-- \/wp:paragraph --><\/p>\n<p><!-- wp:paragraph --><\/p>\n<p><strong>D\u00e9l\u00e9gu\u00e9 \u00e0 la protection des donn\u00e9es :&nbsp;<\/strong>Anthony DUPONT&nbsp;&#8211;&nbsp;contact@anthony-coiffure.fr<\/p>\n<p><!-- \/wp:paragraph --><\/p>\n<p><!-- wp:paragraph --><\/p>\n<p><strong>Autres contributeurs :<\/strong>&nbsp;Auteur : Nathalie RUMOLO<\/p>\n<p><!-- \/wp:paragraph --><\/p>\n<p><!-- wp:separator --><\/p>\n<hr>\n<p><!-- \/wp:separator --><\/p>\n<p><!-- wp:heading --><\/p>\n<h2>2 &#8211; Propri\u00e9t\u00e9 intellectuelle et contrefa\u00e7ons.<\/h2>\n<p><!-- \/wp:heading --><\/p>\n<p><!-- wp:paragraph --><\/p>\n<p><strong>SARL DUPONT COIFFURE<\/strong>&nbsp;est propri\u00e9taire des droits de propri\u00e9t\u00e9 intellectuelle et d\u00e9tient les droits d\u2019usage sur tous les \u00e9l\u00e9ments accessibles sur le site internet, notamment les textes, images, graphismes, logos, vid\u00e9os, architecture, ic\u00f4nes et sons.<\/p>\n<p><!-- \/wp:paragraph --><\/p>\n<p><!-- wp:paragraph --><\/p>\n<p>Toute reproduction, repr\u00e9sentation, modification, publication, adaptation de tout ou partie des \u00e9l\u00e9ments du site, quel que soit le moyen ou le proc\u00e9d\u00e9 utilis\u00e9, est interdite, sauf autorisation \u00e9crite pr\u00e9alable de&nbsp;<strong>SARL DUPONT COIFFURE<\/strong>.<\/p>\n<p><!-- \/wp:paragraph --><\/p>\n<p><!-- wp:paragraph --><\/p>\n<p>Toute exploitation non autoris\u00e9e du site ou de l\u2019un quelconque des \u00e9l\u00e9ments qu\u2019il contient sera consid\u00e9r\u00e9e comme constitutive d\u2019une contrefa\u00e7on et poursuivie conform\u00e9ment aux dispositions des articles&nbsp;<a href=\"https:\/\/www.legifrance.gouv.fr\/affichCodeArticle.do?idArticle=LEGIARTI000032655082&amp;cidTexte=LEGITEXT000006069414&amp;dateTexte=20160605\" target=\"_blank\" rel=\"noreferrer noopener\">L.335-2 et suivants du Code de Propri\u00e9t\u00e9 Intellectuelle<\/a>.<\/p>\n<p><!-- \/wp:paragraph --><\/p>\n<p><!-- wp:separator --><\/p>\n<hr>\n<p><!-- \/wp:separator --><\/p>\n<p><!-- wp:heading --><\/p>\n<h2>3 &#8211; Limitations de responsabilit\u00e9.<\/h2>\n<p><!-- \/wp:heading --><\/p>\n<p><!-- wp:paragraph --><\/p>\n<p><strong>SARL DUPONT COIFFURE<\/strong>&nbsp;ne pourra \u00eatre tenu pour responsable des dommages directs et indirects caus\u00e9s au mat\u00e9riel de l\u2019utilisateur, lors de l\u2019acc\u00e8s au site&nbsp;<strong>http:\/\/www.anthony-coiffure.fr<\/strong>.<\/p>\n<p><!-- \/wp:paragraph --><\/p>\n<p><!-- wp:paragraph --><\/p>\n<p><strong>SARL DUPONT COIFFURE<\/strong>&nbsp;d\u00e9cline toute responsabilit\u00e9 quant \u00e0 l\u2019utilisation qui pourrait \u00eatre faite des informations et contenus pr\u00e9sents sur&nbsp;<strong>http:\/\/www.anthony-coiffure.fr<\/strong>.<\/p>\n<p><!-- \/wp:paragraph --><\/p>\n<p><!-- wp:paragraph --><\/p>\n<p><strong>SARL DUPONT COIFFURE<\/strong>&nbsp;s\u2019engage \u00e0 s\u00e9curiser au mieux le site&nbsp;<strong>http:\/\/www.anthony-coiffure.fr<\/strong>, cependant sa responsabilit\u00e9 ne pourra \u00eatre mise en cause si des donn\u00e9es ind\u00e9sirables sont import\u00e9es et install\u00e9es sur son site \u00e0 son insu.<\/p>\n<p><!-- \/wp:paragraph --><\/p>\n<p><!-- wp:paragraph --><\/p>\n<p>Des espaces interactifs (espace contact ou commentaires) sont \u00e0 la disposition des utilisateurs.&nbsp;<strong>SARL DUPONT COIFFURE<\/strong>&nbsp;se r\u00e9serve le droit de supprimer, sans mise en demeure pr\u00e9alable, tout contenu d\u00e9pos\u00e9 dans cet espace qui contreviendrait \u00e0 la l\u00e9gislation applicable en France, en particulier aux dispositions relatives \u00e0 la protection des donn\u00e9es.<\/p>\n<p><!-- \/wp:paragraph --><\/p>\n<p><!-- wp:paragraph --><\/p>\n<p>Le cas \u00e9ch\u00e9ant,&nbsp;<strong>SARL DUPONT COIFFURE<\/strong>&nbsp;se r\u00e9serve \u00e9galement la possibilit\u00e9 de mettre en cause la responsabilit\u00e9 civile et\/ou p\u00e9nale de l\u2019utilisateur, notamment en cas de message \u00e0 caract\u00e8re raciste, injurieux, diffamant, ou pornographique, quel que soit le support utilis\u00e9 (texte, photographie \u2026).<\/p>\n<p><!-- \/wp:paragraph --><\/p>\n<p><!-- wp:separator --><\/p>\n<hr>\n<p><!-- \/wp:separator --><\/p>\n<p><!-- wp:heading --><\/p>\n<h2>4 &#8211; CNIL et gestion des donn\u00e9es personnelles.<\/h2>\n<p><!-- \/wp:heading --><\/p>\n<p><!-- wp:paragraph --><\/p>\n<p>Conform\u00e9ment aux dispositions de&nbsp;<a href=\"https:\/\/www.legifrance.gouv.fr\/affichTexte.do?cidTexte=JORFTEXT000000886460\" target=\"_blank\" rel=\"noreferrer noopener\">la loi 78-17 du 6 janvier 1978 modifi\u00e9e<\/a>, l\u2019utilisateur du site&nbsp;<strong>http:\/\/www.anthony-coiffure.fr<\/strong>&nbsp;dispose d\u2019un droit d\u2019acc\u00e8s, de modification et de suppression des informations collect\u00e9es. Pour exercer ce droit, envoyez un message \u00e0 notre D\u00e9l\u00e9gu\u00e9 \u00e0 la Protection des Donn\u00e9es :&nbsp;<strong>Anthony DUPONT<\/strong>&nbsp;&#8211;&nbsp;<strong>contact@anthony-coiffure.fr<\/strong>.<\/p>\n<p><!-- \/wp:paragraph --><\/p>\n<p><!-- wp:paragraph --><\/p>\n<p>Pour plus d&rsquo;informations sur la fa\u00e7on dont nous traitons vos donn\u00e9es (type de donn\u00e9es, finalit\u00e9, destinataire&#8230;), lisez notre&nbsp;<strong>https:\/\/anthony-coiffure.Fr\/politique-confidentialite<\/strong>.&nbsp;[Consignes : ajoutez ici le lien hypertexte vers votre politique de<span style=\"font-size: 15px;\">&nbsp;confidentialit\u00e9]<\/span><\/p><p><span style=\"color: rgb(58, 58, 58); font-size: 2rem; font-style: normal;\">5 &#8211; M\u00e9diation de la consommation<\/span><\/p><p><span style=\"font-size: 15px;\">En cas de litige non r\u00e9solu directement avec le salon, le consommateur peut recourir gratuitement au service de m\u00e9diation suivant CM<\/span><span style=\"font-size: 15px;\">2C \u2013 Centre de M\u00e9diation de la Consommation de Conciliateurs de Justice Adresse : 14 rue Saint Jean, 75017 Paris<\/span><span style=\"font-size: 15px;\">&nbsp;01 89 47 00 14<\/span><span style=\"font-size: 15px;\">&nbsp;<\/span><a rel=\"noopener noreferrer\" href=\"http:\/\/www.cm2c.net\" style=\"font-size: 15px; background-color: rgb(255, 255, 255);\">www.cm2c.net<\/a><br><span style=\"font-size: 15px;\">&nbsp;<\/span><span style=\"font-size: 15px;\">Le consommateur peut \u00e9galement d\u00e9poser sa r\u00e9clamation sur la plateforme europ\u00e9enne de r\u00e8glement en ligne des litiges (RLL) :<\/span><span style=\"font-size: 15px;\">&nbsp;<\/span><a rel=\"noopener noreferrer\" href=\"https:\/\/ec.europa.eu\/consumers\/odr\" style=\"font-size: 15px; background-color: rgb(255, 255, 255);\">https:\/\/ec.europa.eu\/consumers\/odr<\/a><\/p>\n<p><!-- \/wp:paragraph --><\/p>\n<p><!-- wp:separator --><\/p>\n<hr>\n<p><!-- \/wp:separator --><\/p>\n<p><!-- wp:heading --><\/p>\n<h2>6 &#8211; Liens hypertextes et cookies<\/h2>\n<p><!-- \/wp:heading --><\/p>\n<p><!-- wp:paragraph --><\/p>\n<p>Le site&nbsp;<strong>http:\/\/www.anthony-coiffure.fr<\/strong>&nbsp;contient des liens hypertextes vers d\u2019autres sites et d\u00e9gage toute responsabilit\u00e9 \u00e0 propos de ces liens externes ou des liens cr\u00e9\u00e9s par d\u2019autres sites vers&nbsp;<strong>http:\/\/www.anthony-coiffure.fr<\/strong>.<\/p>\n<p><!-- \/wp:paragraph --><\/p>\n<p><!-- wp:paragraph --><\/p>\n<p>La navigation sur le site&nbsp;<strong>http:\/\/www.anthony-coiffure.fr<\/strong>&nbsp;est susceptible de provoquer l\u2019installation de cookie(s) sur l\u2019ordinateur de l\u2019utilisateur.<\/p>\n<p><!-- \/wp:paragraph --><\/p>\n<p><!-- wp:paragraph --><\/p>\n<p>Un \u00ab\u00a0cookie\u00a0\u00bb est un fichier de petite taille qui enregistre des informations relatives \u00e0 la navigation d\u2019un utilisateur sur un site. Les donn\u00e9es ainsi obtenues permettent d&rsquo;obtenir des mesures de fr\u00e9quentation, par exemple.<\/p>\n<p><!-- \/wp:paragraph --><\/p>\n<p><!-- wp:paragraph --><\/p>\n<p>Vous avez la possibilit\u00e9&nbsp;<strong>d\u2019accepter ou de refuser les cookies<\/strong>&nbsp;en modifiant les param\u00e8tres de votre navigateur. Aucun cookie ne sera d\u00e9pos\u00e9 sans votre consentement.<\/p>\n<p><!-- \/wp:paragraph --><\/p>\n<p><!-- wp:paragraph --><\/p>\n<p>Les cookies sont enregistr\u00e9s pour une dur\u00e9e maximale de&nbsp;1&nbsp;mois.<\/p>\n<p><!-- \/wp:paragraph --><\/p>\n<p><!-- wp:paragraph --><\/p>\n<p>Pour plus d&rsquo;informations sur la fa\u00e7on dont nous faisons usage des cookies, lisez notre&nbsp;<strong>https:\/\/anthony-coiffure.Fr\/politique-confidentialite<\/strong>.&nbsp;[Consignes : ajoutez ici le lien hypertexte vers votre politique de confidentialit\u00e9 ou vers votre politique de cookies si vous en avez une (c&rsquo;est le cas si vous utilisez Complianz)]<\/p>\n<p><!-- \/wp:paragraph --><\/p>\n<p><!-- wp:separator --><\/p>\n<hr>\n<p><!-- \/wp:separator --><\/p>\n<p><!-- wp:heading --><\/p>\n<h2>7 &#8211; Droit applicable et attribution de juridiction.<\/h2>\n<p><!-- \/wp:heading --><\/p>\n<p><!-- wp:paragraph --><\/p>\n<p>Tout litige en relation avec l\u2019utilisation du site&nbsp;<strong>http:\/\/www.anthony-coiffure.fr<\/strong>&nbsp;est soumis au droit fran\u00e7ais. En dehors des cas o\u00f9 la loi ne le permet pas, il est fait attribution exclusive de juridiction aux tribunaux comp\u00e9tents de&nbsp;<strong>ANGERS<\/strong>.<\/p>\n<p><!-- \/wp:paragraph --><\/p>\t\t\t\t\t<\/div>\n\t\t\t\t\t\t<\/div>\n\t\t\t\t<\/div>\n\t\t\t\t\t\t<\/div>\n\t\t\t\t\t<\/div>\n\t\t<\/div>\n\t\t\t\t\t\t\t\t<\/div>\n\t\t\t\t\t<\/div>\n\t\t<\/section>\n\t\t\t\t\t\t\t\t\t<\/div>\n\t\t\t<\/div>\n\t\t\t\t\t<\/div>\n\t\t","protected":false},"excerpt":{"rendered":"<p>1 &#8211; \u00c9dition du site En vertu de&nbsp;l&rsquo;article 6 de la loi n\u00b0 2004-575 du 21 juin 2004&nbsp;pour la confiance dans l&rsquo;\u00e9conomie num\u00e9rique, il est pr\u00e9cis\u00e9 aux utilisateurs du site internet&nbsp;http:\/\/www.anthony-coiffure.fr&nbsp;l&rsquo;identit\u00e9 des diff\u00e9rents intervenants dans le cadre de sa r\u00e9alisation et de son suivi: Propri\u00e9taire du site :&nbsp;SARL DUPONT COIFFURE&nbsp;&#8211; Contact :&nbsp;contact@anthony-coiffure.fr&nbsp;0241868613&nbsp;&#8211; Adresse :&nbsp;3 place &hellip;<\/p>\n<p class=\"read-more\"> <a class=\"\" href=\"https:\/\/anthony-coiffure.fr\/index.php\/mentions-legales\/\"> <span class=\"screen-reader-text\">Mentions L\u00e9gales<\/span> Lire la suite\u00a0\u00bb<\/a><\/p>\n","protected":false},"author":1,"featured_media":0,"parent":0,"menu_order":0,"comment_status":"closed","ping_status":"closed","template":"","meta":{"site-sidebar-layout":"default","site-content-layout":"default","ast-main-header-display":"","ast-hfb-above-header-display":"","ast-hfb-below-header-display":"","ast-hfb-mobile-header-display":"","site-post-title":"","ast-breadcrumbs-content":"","ast-featured-img":"","footer-sml-layout":"","theme-transparent-header-meta":"default","adv-header-id-meta":"","stick-header-meta":"","header-above-stick-meta":"","header-main-stick-meta":"","header-below-stick-meta":""},"_links":{"self":[{"href":"https:\/\/anthony-coiffure.fr\/index.php\/wp-json\/wp\/v2\/pages\/116"}],"collection":[{"href":"https:\/\/anthony-coiffure.fr\/index.php\/wp-json\/wp\/v2\/pages"}],"about":[{"href":"https:\/\/anthony-coiffure.fr\/index.php\/wp-json\/wp\/v2\/types\/page"}],"author":[{"embeddable":true,"href":"https:\/\/anthony-coiffure.fr\/index.php\/wp-json\/wp\/v2\/users\/1"}],"replies":[{"embeddable":true,"href":"https:\/\/anthony-coiffure.fr\/index.php\/wp-json\/wp\/v2\/comments?post=116"}],"version-history":[{"count":4,"href":"https:\/\/anthony-coiffure.fr\/index.php\/wp-json\/wp\/v2\/pages\/116\/revisions"}],"predecessor-version":[{"id":510,"href":"https:\/\/anthony-coiffure.fr\/index.php\/wp-json\/wp\/v2\/pages\/116\/revisions\/510"}],"wp:attachment":[{"href":"https:\/\/anthony-coiffure.fr\/index.php\/wp-json\/wp\/v2\/media?parent=116"}],"curies":[{"name":"wp","href":"https:\/\/api.w.org\/{rel}","templated":true}]}}